{"id":164,"date":"2021-03-19T20:24:11","date_gmt":"2021-03-19T19:24:11","guid":{"rendered":"http:\/\/wordpress.p581909.webspaceconfig.de\/?page_id=164"},"modified":"2021-04-22T12:53:18","modified_gmt":"2021-04-22T10:53:18","slug":"impressum","status":"publish","type":"page","link":"http:\/\/apw.index01.de\/?page_id=164","title":{"rendered":"Impressum"},"content":{"rendered":"\n<h5 class=\"wp-block-heading\">Verantwortlich f\u00fcr den Inhalt dieser Website:<\/h5>\n\n\n\n<p class=\"wp-block-paragraph\">Dr. med. Klaus Kolbert<br>Korbacherstra\u00dfe 7, 97353 Wiesentheid<br>Telefon 09383 903490, Fax 09383 9034929<br>e-Mail <a href=\"mailto:info@arztpraxis-wiesentheid.de\">info@arztpraxis-wiesentheid.de<\/a><br><\/p>\n\n\n\n<h5 class=\"wp-block-heading\">Berufsspezifische Angaben<\/h5>\n\n\n\n<p class=\"wp-block-paragraph\"><strong>Angaben zu den \u00c4rzten:<\/strong><br>Dr. med. Klaus Kolbert, Facharzt f\u00fcr Allgemeinmedizin<br>Dr. med. Dorothea Paleczek, Fach\u00e4rztin f\u00fcr Allgemeinmedizin<br>Dr. med. Sonja Konrad, Fach\u00e4rztin f\u00fcr Allgemeinmedizin<br>Dr. med. Ren\u00e9 Wildenauer, Facharzt f\u00fcr Allgemeinmedizin<\/p>\n\n\n\n<p class=\"wp-block-paragraph\"><strong>Zust\u00e4ndige Aufsichtsbeh\u00f6rde:<\/strong><br>Kassen\u00e4rztliche Vereinigung Bayerns (<a href=\"http:\/\/www.kvb.de\" target=\"_blank\" rel=\"noreferrer noopener\">www.kvb.de<\/a>), Elsenheimer Stra\u00dfe 39, 80687 M\u00fcnchen<\/p>\n\n\n\n<p class=\"wp-block-paragraph\"><strong>Zust\u00e4ndige Kammer:<\/strong><br>Bayerische Landes\u00e4rztekammer (<a rel=\"noreferrer noopener\" href=\"http:\/\/www.blaek.de\" target=\"_blank\">www.blaek.de<\/a>), M\u00fchlbaurstra\u00dfe 16, 81677 M\u00fcnchen<\/p>\n\n\n\n<p class=\"wp-block-paragraph\"><strong>Berufsrechtliche Regelungen:<\/strong><br>Berufsordnung df\u00fcr die \u00c4rzte Bayerns vom 25.10.2015, zug\u00e4nglich \u00fcber<a href=\"http:\/\/www.blaek.de\/beruf_recht\/berufsordnung\/berufsordnung.cfm\"> http:\/\/www.blaek.de\/beruf_recht\/berufsordnung\/berufsordnung.cfm<\/a><\/p>\n\n\n\n<p class=\"wp-block-paragraph\"><strong>Webdesign und Realisierung:<\/strong><br><a href=\"http:\/\/www.eye-server.de\" target=\"_blank\" rel=\"noreferrer noopener\">eye-server &#8211; Christian Riemen, <\/a>Weidendamm 15, 30167 Hannover<\/p>\n\n\n\n<p class=\"wp-block-paragraph\"><strong>Bild- und Textredaktion:<\/strong><br><a rel=\"noreferrer noopener\" href=\"http:\/\/www.kontext-hannover.de\" target=\"_blank\">kon|TEXT Kommunikation und Public Relations, <\/a>Max-Eyth-Stra\u00dfe 15, 30173 Hannover<\/p>\n\n\n<style>.wp-block-kadence-spacer.kt-block-spacer-_e0d99d-48 .kt-block-spacer{height:60px;}.wp-block-kadence-spacer.kt-block-spacer-_e0d99d-48 .kt-divider{border-top-width:1px;height:1px;border-top-color:#eee;width:63%;border-top-style:solid;}<\/style>\n<div class=\"wp-block-kadence-spacer aligncenter kt-block-spacer-_e0d99d-48\"><div class=\"kt-block-spacer kt-block-spacer-halign-center\" style=\"height:60px\"><hr class=\"kt-divider\" style=\"border-top-color:rgba(238, 238, 238, 1);border-top-width:1px;width:63%;border-top-style:solid\"\/><\/div><\/div>\n\n\n\n<p class=\"wp-block-paragraph\"><a href=\"http:\/\/wordpress.p581909.webspaceconfig.de\/?page_id=1247&amp;preview_id=1247\">Bildnachweis<\/a><\/p>\n\n\n<style>.wp-block-kadence-spacer.kt-block-spacer-_b6cba0-7c .kt-block-spacer{height:60px;}.wp-block-kadence-spacer.kt-block-spacer-_b6cba0-7c .kt-divider{border-top-width:1px;height:1px;border-top-color:#eee;width:63%;border-top-style:solid;}<\/style>\n<div class=\"wp-block-kadence-spacer aligncenter kt-block-spacer-_b6cba0-7c\"><div class=\"kt-block-spacer kt-block-spacer-halign-center\" style=\"height:60px\"><hr class=\"kt-divider\" style=\"border-top-color:rgba(238, 238, 238, 1);border-top-width:1px;width:63%;border-top-style:solid\"\/><\/div><\/div>\n\n\n\n<h1 class=\"wp-block-heading\">Haftungsausschluss<\/h1>\n\n\n\n<p class=\"wp-block-paragraph\"><strong>Haftung f\u00fcr Inhalte<\/strong><br>Die kostenlosen und frei zug\u00e4nglichen Inhalte dieser Webseite wurden mit gr\u00f6\u00dftm\u00f6glicher Sorgfalt erstellt. Namentlich gekennzeichnete Beitr\u00e4ge geben die Meinung des jeweiligen Autors und nicht immer die Meinung des Anbieters wieder. Allein durch den Aufruf der kostenlosen und frei zug\u00e4nglichen Inhalte kommt keinerlei Vertragsverh\u00e4ltnis zwischen dem Nutzer und dem Anbieter zustande, insoweit fehlt es am Rechtsbindungswillen des Anbieters.<br>Als Diensteanbieter sind wir gem\u00e4\u00df \u00a7 7 Abs.1 TMG f\u00fcr eigene Inhalte auf diesen Seiten nach den allgemeinen Gesetzen verantwortlich. Nach \u00a7\u00a7 8 bis 10 TMG sind wir als Diensteanbieter jedoch nicht verpflichtet, \u00fcbermittelte oder gespeicherte fremde Informationen zu \u00fcberwachen oder nach Umst\u00e4nden zu forschen, die auf eine rechtswidrige T\u00e4tigkeit hinweisen.<br>Verpflichtungen zur Entfernung oder Sperrung der Nutzung von Informationen nach den allgemeinen Gesetzen bleiben hiervon unber\u00fchrt. Eine diesbez\u00fcgliche Haftung ist jedoch erst ab dem Zeitpunkt der Kenntnis einer konkreten Rechtsverletzung m\u00f6glich. Bei Bekanntwerden von entsprechenden Rechtsverletzungen werden wir diese Inhalte umgehend entfernen.<br><br><strong>Haftung f\u00fcr Links<\/strong><br>Unser Angebot enth\u00e4lt Links zu externen Websites Dritter, auf deren Inhalte wir keinen Einfluss haben. Deshalb k\u00f6nnen wir f\u00fcr diese fremden Inhalte auch keine Gew\u00e4hr \u00fcbernehmen. F\u00fcr die Inhalte der verlinkten Seiten ist stets der jeweilige Anbieter oder Betreiber der Seiten verantwortlich. Die verlinkten Seiten wurden zum Zeitpunkt der Verlinkung auf m\u00f6gliche Rechtsverst\u00f6\u00dfe \u00fcberpr\u00fcft. Rechtswidrige Inhalte waren zum Zeitpunkt der Verlinkung nicht erkennbar.<br>Eine permanente inhaltliche Kontrolle der verlinkten Seiten ist jedoch ohne konkrete Anhaltspunkte einer Rechtsverletzung nicht zumutbar. Bei Bekanntwerden von Rechtsverletzungen werden wir derartige Links umgehend entfernen.<br><br><strong>Urheber- und Leistungsschutzrechte<\/strong><br>Die durch die Seitenbetreiber erstellten Inhalte und Werke auf diesen Seiten unterliegen dem deutschen Urheberrecht sowie dem deutschen Leistungsschutzrecht. Die Vervielf\u00e4ltigung, Bearbeitung, Verbreitung und jede Art der Verwertung au\u00dferhalb der Grenzen des Urheberrechtes bed\u00fcrfen der schriftlichen Zustimmung des jeweiligen Autors bzw. Erstellers. Downloads und Kopien dieser Seite sind nur f\u00fcr den privaten, nicht kommerziellen Gebrauch gestattet.Soweit die Inhalte auf dieser Seite nicht vom Betreiber erstellt wurden, werden die Urheberrechte Dritter beachtet. Insbesondere werden Inhalte Dritter als solche gekennzeichnet. Sollten Sie trotzdem auf eine Urheberrechtsverletzung aufmerksam werden, bitten wir um einen entsprechenden Hinweis. Bei Bekanntwerden von Rechtsverletzungen werden wir derartige Inhalte umgehend entfernen.Die Darstellung dieser Website in fremden Frames ist nur mit schriftlicher Erlaubnis zul\u00e4ssig.<br><strong><br>Rechtswirksamkeit dieses Haftungsausschlusses<\/strong><br>Dieser Haftungsausschluss ist als Teil des Internetangebotes zu betrachten, von dem aus auf diese Seite verwiesen wurde. Sofern Teile oder einzelne Formulierungen dieses Textes der geltenden Rechtslage nicht, nicht mehr oder nicht vollst\u00e4ndig entsprechen sollten, bleiben die \u00fcbrigen Teile des Dokumentes in ihrem Inhalt und ihrer G\u00fcltigkeit davon unber\u00fchrt.<br><br><br>Der Text dieses Haftungsausschlusses basiert auf der Vorlage von <a href=\"https:\/\/www.e-recht24.de\/muster-datenschutzerklaerung.html\" target=\"_blank\" rel=\"noreferrer noopener\">https:\/\/www.e-recht24.de\/muster-datenschutzerklaerung.html<\/a><\/p>\n\n\n<style>.wp-block-kadence-spacer.kt-block-spacer-_6b42d3-b3 .kt-block-spacer{height:60px;}.wp-block-kadence-spacer.kt-block-spacer-_6b42d3-b3 .kt-divider{border-top-width:1px;height:1px;border-top-color:#eee;width:63%;border-top-style:solid;}<\/style>\n<div class=\"wp-block-kadence-spacer aligncenter kt-block-spacer-_6b42d3-b3\"><div class=\"kt-block-spacer kt-block-spacer-halign-center\" style=\"height:60px\"><hr class=\"kt-divider\" style=\"border-top-color:rgba(238, 238, 238, 1);border-top-width:1px;width:63%;border-top-style:solid\"\/><\/div><\/div>\n\n\n\n<p class=\"has-white-color has-text-color has-background wp-block-paragraph\" style=\"background-color:#36a0c8\"><strong>Wichtiger Hinweis:<\/strong><br>Medizin ist st\u00e4ndigen Entwicklungen unterworfen. Soweit auf dieser Internet-Seite diagnostische und therapeutische Verfahren dargestellt werden darf der Leser darauf vertrauen, dass die Angaben mit Sorgfalt ausgew\u00e4hlt wurden. Trotzdem kann keine Gew\u00e4hr f\u00fcr Therapie- und Dosierungsanweisungen \u00fcbernommen werden. Jede Behandlung unterliegt den individuellen Anforderungen, die das Krankheitsbild und jeder Patient mit sich bringt. Die Darstellung aller Parameter, die zu einer Therapieentscheidung f\u00fchren, w\u00fcrde die M\u00f6glichkeiten dieser Internet-Seite sprengen. Ein Rechtsanspruch auf ein bestimmtes diagnostisches oder therapeutisches Verfahren kann hieraus nicht abgeleitet werden. Jeder Benutzer ist angehalten, durch sorgf\u00e4ltiges Studium anderer Literaturquellen und Pr\u00fcfung der Beipackzettel festzustellen, welche Verfahren in seinem individuellen Fall angezeigt sind.<\/p>\n","protected":false},"excerpt":{"rendered":"<p>Verantwortlich f\u00fcr den Inhalt dieser Website: Dr. med. Klaus KolbertKorbacherstra\u00dfe 7, 97353 WiesentheidTelefon 09383 903490, Fax 09383 9034929e-Mail info@arztpraxis-wiesentheid.de Berufsspezifische Angaben Angaben zu den \u00c4rzten:Dr. med. Klaus Kolbert, Facharzt f\u00fcr AllgemeinmedizinDr. med. Dorothea Paleczek, Fach\u00e4rztin f\u00fcr AllgemeinmedizinDr. med. Sonja Konrad, Fach\u00e4rztin f\u00fcr AllgemeinmedizinDr. med. Ren\u00e9 Wildenauer, Facharzt f\u00fcr Allgemeinmedizin Zust\u00e4ndige Aufsichtsbeh\u00f6rde:Kassen\u00e4rztliche Vereinigung Bayerns (www.kvb.de), Elsenheimer &#8230; <a title=\"Impressum\" class=\"read-more\" href=\"http:\/\/apw.index01.de\/?page_id=164\" aria-label=\"Mehr Informationen \u00fcber Impressum\">Weiterlesen &#8230;<\/a><\/p>\n","protected":false},"author":2,"featured_media":0,"parent":0,"menu_order":90,"comment_status":"closed","ping_status":"closed","template":"","meta":{"_uag_custom_page_level_css":"","footnotes":""},"class_list":["post-164","page","type-page","status-publish"],"uagb_featured_image_src":{"full":false,"thumbnail":false,"medium":false,"medium_large":false,"large":false,"1536x1536":false,"2048x2048":false},"uagb_author_info":{"display_name":"ukolbert","author_link":"http:\/\/apw.index01.de\/?author=2"},"uagb_comment_info":0,"uagb_excerpt":"Verantwortlich f\u00fcr den Inhalt dieser Website: Dr. med. Klaus KolbertKorbacherstra\u00dfe 7, 97353 WiesentheidTelefon 09383 903490, Fax 09383 9034929e-Mail info@arztpraxis-wiesentheid.de Berufsspezifische Angaben Angaben zu den \u00c4rzten:Dr. med. Klaus Kolbert, Facharzt f\u00fcr AllgemeinmedizinDr. med. Dorothea Paleczek, Fach\u00e4rztin f\u00fcr AllgemeinmedizinDr. med. Sonja Konrad, Fach\u00e4rztin f\u00fcr AllgemeinmedizinDr. med. Ren\u00e9 Wildenauer, Facharzt f\u00fcr Allgemeinmedizin Zust\u00e4ndige Aufsichtsbeh\u00f6rde:Kassen\u00e4rztliche Vereinigung Bayerns (www.kvb.de), Elsenheimer&hellip;","_links":{"self":[{"href":"http:\/\/apw.index01.de\/index.php?rest_route=\/wp\/v2\/pages\/164","targetHints":{"allow":["GET"]}}],"collection":[{"href":"http:\/\/apw.index01.de\/index.php?rest_route=\/wp\/v2\/pages"}],"about":[{"href":"http:\/\/apw.index01.de\/index.php?rest_route=\/wp\/v2\/types\/page"}],"author":[{"embeddable":true,"href":"http:\/\/apw.index01.de\/index.php?rest_route=\/wp\/v2\/users\/2"}],"replies":[{"embeddable":true,"href":"http:\/\/apw.index01.de\/index.php?rest_route=%2Fwp%2Fv2%2Fcomments&post=164"}],"version-history":[{"count":11,"href":"http:\/\/apw.index01.de\/index.php?rest_route=\/wp\/v2\/pages\/164\/revisions"}],"predecessor-version":[{"id":1745,"href":"http:\/\/apw.index01.de\/index.php?rest_route=\/wp\/v2\/pages\/164\/revisions\/1745"}],"wp:attachment":[{"href":"http:\/\/apw.index01.de\/index.php?rest_route=%2Fwp%2Fv2%2Fmedia&parent=164"}],"curies":[{"name":"wp","href":"https:\/\/api.w.org\/{rel}","templated":true}]}}